{"id":8790,"date":"2024-11-12T22:07:09","date_gmt":"2024-11-12T22:07:09","guid":{"rendered":"https:\/\/audiocare.pt\/ultimas-noticias\/"},"modified":"2024-11-26T10:21:40","modified_gmt":"2024-11-26T10:21:40","slug":"ultimas-noticias","status":"publish","type":"page","link":"https:\/\/audiocare.pt\/pt-pt\/ultimas-noticias\/","title":{"rendered":"\u00daltimas not\u00edcias"},"content":{"rendered":"<!DOCTYPE html PUBLIC \"-\/\/W3C\/\/DTD HTML 4.0 Transitional\/\/EN\" \"http:\/\/www.w3.org\/TR\/REC-html40\/loose.dtd\">\n<html><body><div data-elementor-type=\"wp-page\" data-elementor-id=\"8790\" class=\"elementor elementor-8790 elementor-7995\" data-elementor-post-type=\"page\">\n\t\t\t\t\t\t<section class=\"elementor-section elementor-top-section elementor-element elementor-element-174f7baf elementor-section-boxed elementor-section-height-default elementor-section-height-default\" data-id=\"174f7baf\" data-element_type=\"section\">\n\t\t\t\t\t\t<div class=\"elementor-container elementor-column-gap-default\">\n\t\t\t\t\t<div class=\"elementor-column elementor-col-100 elementor-top-column elementor-element elementor-element-12ca37a2\" data-id=\"12ca37a2\" data-element_type=\"column\">\n\t\t\t<div class=\"elementor-widget-wrap elementor-element-populated\">\n\t\t\t\t\t\t<div class=\"elementor-element elementor-element-40d02574 elementor-widget elementor-widget-ld_blog\" data-id=\"40d02574\" data-element_type=\"widget\" data-widget_type=\"ld_blog.default\">\n\t\t\t\t<div class=\"elementor-widget-container\">\n\t\t\t\t\t<div class=\"lqd-lp-grid 40d02574 blog-id-1087382900 \"><div class=\"lqd-lp-row row pos-rel d-flex flex-wrap\"><div class=\"lqd-lp-column d-flex flex-column col-md-12 audiology-pt-pt\"><article id=\"post-8903\" class=\"lqd-lp pos-rel lqd-lp lqd-lp-style-17 lqd-lp-img-cover d-flex flex-wrap border-radius-4 overflow-hidden h-custom text-start post-8903 post type-post status-publish format-standard has-post-thumbnail hentry category-audiology-pt-pt tag-audiology-pt-pt\">\n\n<div class=\"lqd-lp-img lqd-overlay\">\n\t<figure class=\"pos-rel bg-cover bg-center w-100 h-100\"><img fetchpriority=\"high\" decoding=\"async\" width=\"800\" height=\"1050\" src=\"https:\/\/audiocare.pt\/wp-content\/uploads\/2024\/10\/audiocare-coming-soon-800x1050.jpg\" class=\"w-100 h-100 objfit-cover objfit-center wp-post-image\" alt=\"\" itemprop=\"image\"><\/figure><\/div>\n\n<div class=\"lqd-lp-inner lqd-overlay d-flex flex-column justify-content-end pt-6 pb-6 ps-4 pe-4 px-4\">\n\t\n\t<div class=\"lqd-lp-content-bg lqd-overlay\"><\/div>\n\n\t<header class=\"lqd-lp-header mb-2\">\n\t\t<div class=\"lqd-lp-meta\">\n\t\t\t<span class=\"screen-reader-text\">Tags <\/span><ul class=\"lqd-lp-cat lqd-lp-cat reset-ul inline-ul pos-rel z-index-3\"><li><a href=\"https:\/\/audiocare.pt\/pt-pt\/audiology-pt-pt\/\" rel=\"category\">audiology<\/a><\/li><\/ul>\t\t<\/div>\n\t\t<div class=\"lqd-lp-header-bottom pos-rel\">\n\t\t\t<h2 class=\"entry-title lqd-lp-title mt-2 mb-0 h5\"><a href=\"https:\/\/audiocare.pt\/pt-pt\/compreender-a-audiologia-a-chave-para-uma-melhor-saude-auditiva\/\" rel=\"bookmark\">Compreender a Audiologia: A chave para uma melhor sa&uacute;de auditiva<\/a><\/h2>\t\t<\/div>\n\t<\/header>\n\n\t\t\t<footer class=\"lqd-lp-footer pos-rel z-index-2 pt-1\">\n\t\t\t<a href=\"https:\/\/audiocare.pt\/pt-pt\/compreender-a-audiologia-a-chave-para-uma-melhor-saude-auditiva\/\" class=\"btn btn-naked text-uppercase ltr-sp-1 size-sm font-weight-bold lqd-lp-read-more\">\n\t\t\t\t<span class=\"btn-line btn-line-before d-inline-block pos-rel\"><\/span>\n\t\t\t\t<span class=\"btn-txt d-inline-block\">Continue Reading<\/span>\n\t\t\t\t<span class=\"btn-line btn-line-after d-inline-block pos-rel\">\n\t\t\t\t\t<svg class=\"d-inline-block pos-abs\" xmlns=\"http:\/\/www.w3.org\/2000\/svg\" width=\"12\" height=\"32\" viewbox=\"0 0 12 32\" style=\"height: 2em;\"><path fill=\"currentColor\" d=\"M8.375 16L.437 8.062C-.125 7.5-.125 6.5.438 5.938s1.563-.563 2.126 0l9 9c.562.562.624 1.5.062 2.062l-9.063 9.063c-.312.312-.687.437-1.062.437s-.75-.125-1.063-.438c-.562-.562-.562-1.562 0-2.125z\"><\/path><\/svg>\n\t\t\t\t<\/span>\n\t\t\t<\/a>\n\t\t<\/footer>\n\t<\/div>\n\n<a href=\"https:\/\/audiocare.pt\/pt-pt\/compreender-a-audiologia-a-chave-para-uma-melhor-saude-auditiva\/\" class=\"lqd-lp-overlay-link lqd-overlay lqd-cc-label-trigger z-index-2\" tab-index=\"-1\"><\/a><\/article><\/div><\/div><!--\/ .row --><\/div><!--\/ .lqd-lp-grid -->\t\t\t\t<\/div>\n\t\t\t\t<\/div>\n\t\t\t\t\t<\/div>\n\t\t<\/div>\n\t\t\t\t\t<\/div>\n\t\t<\/section>\n\t\t\t\t<section class=\"elementor-section elementor-top-section elementor-element elementor-element-3dfc870e elementor-section-boxed elementor-section-height-default elementor-section-height-default\" data-id=\"3dfc870e\" data-element_type=\"section\">\n\t\t\t\t\t\t<div class=\"elementor-container elementor-column-gap-default\">\n\t\t\t\t\t<div class=\"elementor-column elementor-col-50 elementor-top-column elementor-element elementor-element-3e0dfcc3\" data-id=\"3e0dfcc3\" data-element_type=\"column\">\n\t\t\t<div class=\"elementor-widget-wrap elementor-element-populated\">\n\t\t\t\t\t\t<section class=\"elementor-section elementor-inner-section elementor-element elementor-element-12ada821 elementor-section-boxed elementor-section-height-default elementor-section-height-default\" data-id=\"12ada821\" data-element_type=\"section\">\n\t\t\t\t\t\t<div class=\"elementor-container elementor-column-gap-no\">\n\t\t\t\t\t<div class=\"elementor-column elementor-col-100 elementor-inner-column elementor-element elementor-element-eeaab6a\" data-id=\"eeaab6a\" data-element_type=\"column\">\n\t\t\t<div class=\"elementor-widget-wrap elementor-element-populated\">\n\t\t\t\t\t\t<div class=\"elementor-element elementor-element-8cd97cd elementor-widget__width-initial elementor-widget-divider--view-line elementor-widget elementor-widget-divider\" data-id=\"8cd97cd\" data-element_type=\"widget\" data-widget_type=\"divider.default\">\n\t\t\t\t<div class=\"elementor-widget-container\">\n\t\t\t\t\t\t\t<div class=\"elementor-divider\">\n\t\t\t<span class=\"elementor-divider-separator\">\n\t\t\t\t\t\t<\/span>\n\t\t<\/div>\n\t\t\t\t\t\t<\/div>\n\t\t\t\t<\/div>\n\t\t\t\t<div class=\"elementor-element elementor-element-564b5103 elementor-widget__width-auto elementor-widget elementor-widget-hub_fancy_heading\" data-id=\"564b5103\" data-element_type=\"widget\" data-widget_type=\"hub_fancy_heading.default\">\n\t\t\t\t<div class=\"elementor-widget-container\">\n\t\t\t\t\t\n\t\t<div id=\"ld-fancy-heading-69f2fc6982b5b\" class=\"ld-fancy-heading pos-rel\">\n\t\t\t<h2 class=\"ld-fh-element d-inline-block pos-rel  elementor-heading-title lqd-highlight-classic lqd-highlight-grow-left h6\"> &Uacute;ltimas not&iacute;cias<\/h2>\t\t<\/div>\n\n\t\t\t\t\t\t<\/div>\n\t\t\t\t<\/div>\n\t\t\t\t<div class=\"elementor-element elementor-element-744b8879 elementor-widget__width-initial elementor-widget-divider--view-line elementor-widget elementor-widget-divider\" data-id=\"744b8879\" data-element_type=\"widget\" data-widget_type=\"divider.default\">\n\t\t\t\t<div class=\"elementor-widget-container\">\n\t\t\t\t\t\t\t<div class=\"elementor-divider\">\n\t\t\t<span class=\"elementor-divider-separator\">\n\t\t\t\t\t\t<\/span>\n\t\t<\/div>\n\t\t\t\t\t\t<\/div>\n\t\t\t\t<\/div>\n\t\t\t\t\t<\/div>\n\t\t<\/div>\n\t\t\t\t\t<\/div>\n\t\t<\/section>\n\t\t\t\t<div class=\"elementor-element elementor-element-16cd120e elementor-widget elementor-widget-ld_blog\" data-id=\"16cd120e\" data-element_type=\"widget\" data-widget_type=\"ld_blog.default\">\n\t\t\t\t<div class=\"elementor-widget-container\">\n\t\t\t\t\t<div class=\"lqd-lp-grid 16cd120e blog-id-382538254 \"><div class=\"lqd-lp-row row pos-rel d-flex flex-wrap\"><div class=\"lqd-lp-column d-flex flex-column col-md-12 aparelhos-auditivos audiology-pt-pt\"><article id=\"post-10874\" class=\"lqd-lp pos-rel lqd-lp lqd-lp-style-22 lqd-lp-hover-img-zoom text-start post-10874 post type-post status-publish format-standard has-post-thumbnail hentry category-aparelhos-auditivos category-audiology-pt-pt tag-audiometria tag-spoken-pt-pt tag-threshold-pt-pt\">\n<div class=\"lqd-lp-img overflow-hidden border-radius-5 mt-4 mb-5\">\n    <a href=\"https:\/\/audiocare.pt\/pt-pt\/audiometria-da-fala-por-que-ouvir-nao-e-o-mesmo-que-compreender\/\" title=\"Audiometria da fala: por que ouvir n&atilde;o &eacute; o mesmo que compreender\">\n        <figure><img decoding=\"async\" width=\"1920\" height=\"1080\" src=\"data:image\/svg+xml;charset=utf-8,%3Csvg%20xmlns%3D'http%3A%2F%2Fwww.w3.org%2F2000%2Fsvg'%20viewBox%3D'0%200%201920%201080'%2F%3E\" class=\"w-100 ld-lazyload wp-post-image\" alt=\"\" itemprop=\"image\" data-src=\"https:\/\/audiocare.pt\/wp-content\/uploads\/2026\/04\/speech-audiometry-and-word-recognition.jpg\" data-srcset=\"https:\/\/audiocare.pt\/wp-content\/uploads\/2026\/04\/speech-audiometry-and-word-recognition.jpg 1920w, https:\/\/audiocare.pt\/wp-content\/uploads\/2026\/04\/speech-audiometry-and-word-recognition-300x169.jpg 300w, https:\/\/audiocare.pt\/wp-content\/uploads\/2026\/04\/speech-audiometry-and-word-recognition-1024x576.jpg 1024w\" data-sizes=\"(max-width: 1920px) 100vw, 1920px\" data-aspect=\"1.7777777777778\"><\/figure>    <\/a>\n<\/div>\n\n<header class=\"entry-header lqd-lp-header mb-3\">\n\n\t<div class=\"lqd-lp-meta lqd-lp-meta-dot-between text-uppercase font-weight-bold text-uppercase ltr-sp-1\">\n        <div class=\"lqd-lp-author pos-rel z-index-3\">\n            <div class=\"lqd-lp-author-info\">\n                <span class=\"mt-0 mb-0\"><a href=\"https:\/\/audiocare.pt\/pt-pt\/author\/dnny\/\" title=\"Artigos de admin\" rel=\"author\">admin<\/a><\/span>\n            <\/div>\n        <\/div>\n        <span class=\"lqd-lp-date\">\n            <a href=\"https:\/\/audiocare.pt\/pt-pt\/audiometria-da-fala-por-que-ouvir-nao-e-o-mesmo-que-compreender\/\">06\/04\/2026<\/a>\n        <\/span>\n\n\t\t<div class=\"lqd-lp-meta\">\n    \t\t<span class=\"screen-reader-text\">Tags <\/span><ul class=\"lqd-lp-cat reset-ul inline-ul pos-rel z-index-3\"><li><a href=\"https:\/\/audiocare.pt\/pt-pt\/aparelhos-auditivos\/\" rel=\"category\">Aparelhos Auditivos<\/a><\/li><\/ul>    \t<\/div>\n\n            <\/div>\n\n    <h2 class=\"entry-title lqd-lp-title mt-2 mb-3 h5\"><a href=\"https:\/\/audiocare.pt\/pt-pt\/audiometria-da-fala-por-que-ouvir-nao-e-o-mesmo-que-compreender\/\" rel=\"bookmark\">Audiometria da fala: por que ouvir n&atilde;o &eacute; o mesmo que compreender<\/a><\/h2>\n<\/header>\n\n\t\t\t<div class=\"entry-summary lqd-lp-excerpt mb-3\">\n\t\t\t\tMuitas pessoas descrevem a mesma experi&ecirc;ncia frustrante: &laquo;Consigo ouvir-te, mas n&atilde;o consigo compreender-te.&raquo; Isso surge frequentemente em caf&eacute;s, jantares em&hellip;\t\t\t<\/div>\n\t\t\n<a href=\"https:\/\/audiocare.pt\/pt-pt\/audiometria-da-fala-por-que-ouvir-nao-e-o-mesmo-que-compreender\/\" class=\"lqd-lp-overlay-link lqd-overlay lqd-cc-label-trigger z-index-2\" tab-index=\"-1\"><\/a><\/article><\/div><div class=\"lqd-lp-column d-flex flex-column col-md-12 aparelhos-auditivos audiology-pt-pt\"><article id=\"post-10870\" class=\"lqd-lp pos-rel lqd-lp lqd-lp-style-22 lqd-lp-hover-img-zoom text-start post-10870 post type-post status-publish format-standard has-post-thumbnail hentry category-aparelhos-auditivos category-audiology-pt-pt tag-avaliacao-auditiva tag-conversas tag-negacao tag-ponto-de-partida\">\n<div class=\"lqd-lp-img overflow-hidden border-radius-5 mt-4 mb-5\">\n    <a href=\"https:\/\/audiocare.pt\/pt-pt\/negacao-da-perda-auditiva-ajudar-um-ente-querido-a-dar-o-primeiro-passo\/\" title=\"Nega&ccedil;&atilde;o da perda auditiva: ajudar um ente querido a dar o primeiro passo\">\n        <figure><img decoding=\"async\" width=\"1920\" height=\"1080\" src=\"data:image\/svg+xml;charset=utf-8,%3Csvg%20xmlns%3D'http%3A%2F%2Fwww.w3.org%2F2000%2Fsvg'%20viewBox%3D'0%200%201920%201080'%2F%3E\" class=\"w-100 ld-lazyload wp-post-image\" alt=\"\" itemprop=\"image\" data-src=\"https:\/\/audiocare.pt\/wp-content\/uploads\/2026\/03\/hearing-loss-denial.jpg\" data-srcset=\"https:\/\/audiocare.pt\/wp-content\/uploads\/2026\/03\/hearing-loss-denial.jpg 1920w, https:\/\/audiocare.pt\/wp-content\/uploads\/2026\/03\/hearing-loss-denial-300x169.jpg 300w, https:\/\/audiocare.pt\/wp-content\/uploads\/2026\/03\/hearing-loss-denial-1024x576.jpg 1024w\" data-sizes=\"(max-width: 1920px) 100vw, 1920px\" data-aspect=\"1.7777777777778\"><\/figure>    <\/a>\n<\/div>\n\n<header class=\"entry-header lqd-lp-header mb-3\">\n\n\t<div class=\"lqd-lp-meta lqd-lp-meta-dot-between text-uppercase font-weight-bold text-uppercase ltr-sp-1\">\n        <div class=\"lqd-lp-author pos-rel z-index-3\">\n            <div class=\"lqd-lp-author-info\">\n                <span class=\"mt-0 mb-0\"><a href=\"https:\/\/audiocare.pt\/pt-pt\/author\/dnny\/\" title=\"Artigos de admin\" rel=\"author\">admin<\/a><\/span>\n            <\/div>\n        <\/div>\n        <span class=\"lqd-lp-date\">\n            <a href=\"https:\/\/audiocare.pt\/pt-pt\/negacao-da-perda-auditiva-ajudar-um-ente-querido-a-dar-o-primeiro-passo\/\">30\/03\/2026<\/a>\n        <\/span>\n\n\t\t<div class=\"lqd-lp-meta\">\n    \t\t<span class=\"screen-reader-text\">Tags <\/span><ul class=\"lqd-lp-cat reset-ul inline-ul pos-rel z-index-3\"><li><a href=\"https:\/\/audiocare.pt\/pt-pt\/aparelhos-auditivos\/\" rel=\"category\">Aparelhos Auditivos<\/a><\/li><\/ul>    \t<\/div>\n\n            <\/div>\n\n    <h2 class=\"entry-title lqd-lp-title mt-2 mb-3 h5\"><a href=\"https:\/\/audiocare.pt\/pt-pt\/negacao-da-perda-auditiva-ajudar-um-ente-querido-a-dar-o-primeiro-passo\/\" rel=\"bookmark\">Nega&ccedil;&atilde;o da perda auditiva: ajudar um ente querido a dar o primeiro passo<\/a><\/h2>\n<\/header>\n\n\t\t\t<div class=\"entry-summary lqd-lp-excerpt mb-3\">\n\t\t\t\tA perda auditiva raramente surge com um ponto de partida claro. Ela instala-se gradualmente. Uma palavra que n&atilde;o se ouve&hellip;\t\t\t<\/div>\n\t\t\n<a href=\"https:\/\/audiocare.pt\/pt-pt\/negacao-da-perda-auditiva-ajudar-um-ente-querido-a-dar-o-primeiro-passo\/\" class=\"lqd-lp-overlay-link lqd-overlay lqd-cc-label-trigger z-index-2\" tab-index=\"-1\"><\/a><\/article><\/div><div class=\"lqd-lp-column d-flex flex-column col-md-12 aparelhos-auditivos audiology-pt-pt\"><article id=\"post-10847\" class=\"lqd-lp pos-rel lqd-lp lqd-lp-style-22 lqd-lp-hover-img-zoom text-start post-10847 post type-post status-publish format-standard has-post-thumbnail hentry category-aparelhos-auditivos category-audiology-pt-pt tag-discurso tag-frequencias-principais tag-teste-auditivo-padrao tag-tons\">\n<div class=\"lqd-lp-img overflow-hidden border-radius-5 mt-4 mb-5\">\n    <a href=\"https:\/\/audiocare.pt\/pt-pt\/para-alem-do-audiograma-basico-3-testes-avancados-um-unico-objetivo\/\" title=\"Para al&eacute;m do audiograma b&aacute;sico: 3 testes avan&ccedil;ados, um &uacute;nico objetivo\">\n        <figure><img loading=\"lazy\" decoding=\"async\" width=\"1920\" height=\"1080\" src=\"data:image\/svg+xml;charset=utf-8,%3Csvg%20xmlns%3D'http%3A%2F%2Fwww.w3.org%2F2000%2Fsvg'%20viewBox%3D'0%200%201920%201080'%2F%3E\" class=\"w-100 ld-lazyload wp-post-image\" alt=\"\" itemprop=\"image\" data-src=\"https:\/\/audiocare.pt\/wp-content\/uploads\/2026\/03\/beyond-the-basic-audiogram-3-advanced-tests-one-goal-.jpg\" data-srcset=\"https:\/\/audiocare.pt\/wp-content\/uploads\/2026\/03\/beyond-the-basic-audiogram-3-advanced-tests-one-goal-.jpg 1920w, https:\/\/audiocare.pt\/wp-content\/uploads\/2026\/03\/beyond-the-basic-audiogram-3-advanced-tests-one-goal--300x169.jpg 300w, https:\/\/audiocare.pt\/wp-content\/uploads\/2026\/03\/beyond-the-basic-audiogram-3-advanced-tests-one-goal--1024x576.jpg 1024w\" data-sizes=\"(max-width: 1920px) 100vw, 1920px\" data-aspect=\"1.7777777777778\"><\/figure>    <\/a>\n<\/div>\n\n<header class=\"entry-header lqd-lp-header mb-3\">\n\n\t<div class=\"lqd-lp-meta lqd-lp-meta-dot-between text-uppercase font-weight-bold text-uppercase ltr-sp-1\">\n        <div class=\"lqd-lp-author pos-rel z-index-3\">\n            <div class=\"lqd-lp-author-info\">\n                <span class=\"mt-0 mb-0\"><a href=\"https:\/\/audiocare.pt\/pt-pt\/author\/dnny\/\" title=\"Artigos de admin\" rel=\"author\">admin<\/a><\/span>\n            <\/div>\n        <\/div>\n        <span class=\"lqd-lp-date\">\n            <a href=\"https:\/\/audiocare.pt\/pt-pt\/para-alem-do-audiograma-basico-3-testes-avancados-um-unico-objetivo\/\">24\/03\/2026<\/a>\n        <\/span>\n\n\t\t<div class=\"lqd-lp-meta\">\n    \t\t<span class=\"screen-reader-text\">Tags <\/span><ul class=\"lqd-lp-cat reset-ul inline-ul pos-rel z-index-3\"><li><a href=\"https:\/\/audiocare.pt\/pt-pt\/aparelhos-auditivos\/\" rel=\"category\">Aparelhos Auditivos<\/a><\/li><\/ul>    \t<\/div>\n\n            <\/div>\n\n    <h2 class=\"entry-title lqd-lp-title mt-2 mb-3 h5\"><a href=\"https:\/\/audiocare.pt\/pt-pt\/para-alem-do-audiograma-basico-3-testes-avancados-um-unico-objetivo\/\" rel=\"bookmark\">Para al&eacute;m do audiograma b&aacute;sico: 3 testes avan&ccedil;ados, um &uacute;nico objetivo<\/a><\/h2>\n<\/header>\n\n\t\t\t<div class=\"entry-summary lqd-lp-excerpt mb-3\">\n\t\t\t\tUm teste auditivo padr&atilde;o &eacute; um excelente ponto de partida. Ele indica o n&iacute;vel de volume ao qual consegue ouvir&hellip;\t\t\t<\/div>\n\t\t\n<a href=\"https:\/\/audiocare.pt\/pt-pt\/para-alem-do-audiograma-basico-3-testes-avancados-um-unico-objetivo\/\" class=\"lqd-lp-overlay-link lqd-overlay lqd-cc-label-trigger z-index-2\" tab-index=\"-1\"><\/a><\/article><\/div><div class=\"lqd-lp-column d-flex flex-column col-md-12 aparelhos-auditivos audiology-pt-pt\"><article id=\"post-10831\" class=\"lqd-lp pos-rel lqd-lp lqd-lp-style-22 lqd-lp-hover-img-zoom text-start post-10831 post type-post status-publish format-standard has-post-thumbnail hentry category-aparelhos-auditivos category-audiology-pt-pt tag-audicao-abafada tag-estalo tag-pressao tag-sensacao-de-plenitude-pt-pt\">\n<div class=\"lqd-lp-img overflow-hidden border-radius-5 mt-4 mb-5\">\n    <a href=\"https:\/\/audiocare.pt\/pt-pt\/sensacao-de-ouvido-entupido-dois-testes-que-ajudam-a-identificar-a-causa\/\" title=\"Sensa&ccedil;&atilde;o de ouvido entupido: dois testes que ajudam a identificar a causa\">\n        <figure><img loading=\"lazy\" decoding=\"async\" width=\"1920\" height=\"1080\" src=\"data:image\/svg+xml;charset=utf-8,%3Csvg%20xmlns%3D'http%3A%2F%2Fwww.w3.org%2F2000%2Fsvg'%20viewBox%3D'0%200%201920%201080'%2F%3E\" class=\"w-100 ld-lazyload wp-post-image\" alt=\"\" itemprop=\"image\" data-src=\"https:\/\/audiocare.pt\/wp-content\/uploads\/2026\/03\/blocked-ear-feeling-two-quick-tests-that-clarify-the-cause-.jpg\" data-srcset=\"https:\/\/audiocare.pt\/wp-content\/uploads\/2026\/03\/blocked-ear-feeling-two-quick-tests-that-clarify-the-cause-.jpg 1920w, https:\/\/audiocare.pt\/wp-content\/uploads\/2026\/03\/blocked-ear-feeling-two-quick-tests-that-clarify-the-cause--300x169.jpg 300w, https:\/\/audiocare.pt\/wp-content\/uploads\/2026\/03\/blocked-ear-feeling-two-quick-tests-that-clarify-the-cause--1024x576.jpg 1024w\" data-sizes=\"(max-width: 1920px) 100vw, 1920px\" data-aspect=\"1.7777777777778\"><\/figure>    <\/a>\n<\/div>\n\n<header class=\"entry-header lqd-lp-header mb-3\">\n\n\t<div class=\"lqd-lp-meta lqd-lp-meta-dot-between text-uppercase font-weight-bold text-uppercase ltr-sp-1\">\n        <div class=\"lqd-lp-author pos-rel z-index-3\">\n            <div class=\"lqd-lp-author-info\">\n                <span class=\"mt-0 mb-0\"><a href=\"https:\/\/audiocare.pt\/pt-pt\/author\/dnny\/\" title=\"Artigos de admin\" rel=\"author\">admin<\/a><\/span>\n            <\/div>\n        <\/div>\n        <span class=\"lqd-lp-date\">\n            <a href=\"https:\/\/audiocare.pt\/pt-pt\/sensacao-de-ouvido-entupido-dois-testes-que-ajudam-a-identificar-a-causa\/\">17\/03\/2026<\/a>\n        <\/span>\n\n\t\t<div class=\"lqd-lp-meta\">\n    \t\t<span class=\"screen-reader-text\">Tags <\/span><ul class=\"lqd-lp-cat reset-ul inline-ul pos-rel z-index-3\"><li><a href=\"https:\/\/audiocare.pt\/pt-pt\/aparelhos-auditivos\/\" rel=\"category\">Aparelhos Auditivos<\/a><\/li><\/ul>    \t<\/div>\n\n            <\/div>\n\n    <h2 class=\"entry-title lqd-lp-title mt-2 mb-3 h5\"><a href=\"https:\/\/audiocare.pt\/pt-pt\/sensacao-de-ouvido-entupido-dois-testes-que-ajudam-a-identificar-a-causa\/\" rel=\"bookmark\">Sensa&ccedil;&atilde;o de ouvido entupido: dois testes que ajudam a identificar a causa<\/a><\/h2>\n<\/header>\n\n\t\t\t<div class=\"entry-summary lqd-lp-excerpt mb-3\">\n\t\t\t\tAquela sensa&ccedil;&atilde;o de &laquo;estar debaixo de &aacute;gua&raquo; num ou em ambos os ouvidos &eacute; um dos motivos mais comuns pelos&hellip;\t\t\t<\/div>\n\t\t\n<a href=\"https:\/\/audiocare.pt\/pt-pt\/sensacao-de-ouvido-entupido-dois-testes-que-ajudam-a-identificar-a-causa\/\" class=\"lqd-lp-overlay-link lqd-overlay lqd-cc-label-trigger z-index-2\" tab-index=\"-1\"><\/a><\/article><\/div><\/div><!--\/ .row --><div class=\"liquid-pf-nav ld-pf-nav-ajax\"><div class=\"page-nav text-center\"><nav aria-label=\"Page navigation\"><a href=\"https:\/\/audiocare.pt\/pt-pt\/wp-json\/wp\/v2\/pages\/8790\/page\/2\/?ajaxify=1\" rel=\"nofollow\" data-ajaxify=\"true\" data-ajaxify-options='{\"wrapper\":\".lqd-lp-grid.blog-id-382538254 &gt; .lqd-lp-row\",\"items\":\"&gt; .lqd-lp-column\",\"trigger\":\"click\"}' class=\"elementor-button btn ws-nowrap ld-ajax-loadmore ws-nowrap \"><span class=\"static d-block\">Load more<\/span><span class=\"loading d-block pos-abs\"><span class=\"dots d-block\"><span class=\"d-inline-block\"><\/span><span class=\"d-inline-block\"><\/span><span class=\"d-inline-block\"><\/span><\/span><span class=\"d-block mt-1\">[Portuguese, Portugal] Loading<\/span><\/span><span class=\"all-loaded d-block pos-abs\">[Portuguese, Portugal] All items loaded <svg width=\"32\" height=\"29\" xmlns=\"http:\/\/www.w3.org\/2000\/svg\" viewbox=\"0 0 32 29\" style=\"width: 1.5em; height: 1.5em; margin-inline-start: 0.5em;\"><path fill=\"currentColor\" d=\"M25.74 6.23c0.38 0.34 0.42 0.9 0.09 1.28l-12.77 14.58a0.91 0.91 0 0 1-1.33 0.04l-5.46-5.46a0.91 0.91 0 1 1 1.29-1.29l4.77 4.78 12.12-13.85a0.91 0.91 0 0 1 1.29-0.08z\"><\/path><\/svg><\/span><\/a><\/nav><\/div><\/div><\/div><!--\/ .lqd-lp-grid -->\t\t\t\t<\/div>\n\t\t\t\t<\/div>\n\t\t\t\t\t<\/div>\n\t\t<\/div>\n\t\t\t\t<div class=\"lqd-css-sticky-column elementor-column elementor-col-50 elementor-top-column elementor-element elementor-element-59558449\" style=\"--lqd-sticky-offset:50px\" data-id=\"59558449\" data-element_type=\"column\">\n\t\t\t<div class=\"elementor-widget-wrap elementor-element-populated\">\n\t\t\t\t\t\t<section class=\"elementor-section elementor-inner-section elementor-element elementor-element-3c99a645 elementor-section-boxed elementor-section-height-default elementor-section-height-default\" data-id=\"3c99a645\" data-element_type=\"section\">\n\t\t\t\t\t\t<div class=\"elementor-container elementor-column-gap-no\">\n\t\t\t\t\t<div class=\"elementor-column elementor-col-100 elementor-inner-column elementor-element elementor-element-6f8426f3\" data-id=\"6f8426f3\" data-element_type=\"column\">\n\t\t\t<div class=\"elementor-widget-wrap elementor-element-populated\">\n\t\t\t\t\t\t<div class=\"elementor-element elementor-element-4457c572 elementor-widget__width-initial elementor-widget-divider--view-line elementor-widget elementor-widget-divider\" data-id=\"4457c572\" data-element_type=\"widget\" data-widget_type=\"divider.default\">\n\t\t\t\t<div class=\"elementor-widget-container\">\n\t\t\t\t\t\t\t<div class=\"elementor-divider\">\n\t\t\t<span class=\"elementor-divider-separator\">\n\t\t\t\t\t\t<\/span>\n\t\t<\/div>\n\t\t\t\t\t\t<\/div>\n\t\t\t\t<\/div>\n\t\t\t\t<div class=\"elementor-element elementor-element-57a5ae20 elementor-widget__width-auto elementor-widget elementor-widget-hub_fancy_heading\" data-id=\"57a5ae20\" data-element_type=\"widget\" data-widget_type=\"hub_fancy_heading.default\">\n\t\t\t\t<div class=\"elementor-widget-container\">\n\t\t\t\t\t\n\t\t<div id=\"ld-fancy-heading-69f2fc69f014d\" class=\"ld-fancy-heading pos-rel\">\n\t\t\t<h2 class=\"ld-fh-element d-inline-block pos-rel  elementor-heading-title lqd-highlight-classic lqd-highlight-grow-left h6\"> Sobre a AudioCare<\/h2>\t\t<\/div>\n\n\t\t\t\t\t\t<\/div>\n\t\t\t\t<\/div>\n\t\t\t\t\t<\/div>\n\t\t<\/div>\n\t\t\t\t\t<\/div>\n\t\t<\/section>\n\t\t\t\t<section class=\"elementor-section elementor-inner-section elementor-element elementor-element-7d17ebfc elementor-section-boxed elementor-section-height-default elementor-section-height-default\" data-id=\"7d17ebfc\" data-element_type=\"section\">\n\t\t\t\t\t\t<div class=\"elementor-container elementor-column-gap-no\">\n\t\t\t\t\t<div class=\"elementor-column elementor-col-100 elementor-inner-column elementor-element elementor-element-6b0818d\" data-id=\"6b0818d\" data-element_type=\"column\">\n\t\t\t<div class=\"elementor-widget-wrap elementor-element-populated\">\n\t\t\t\t\t\t<div class=\"elementor-element elementor-element-63d8d370 elementor-widget elementor-widget-ld_fancy_image\" data-id=\"63d8d370\" data-element_type=\"widget\" data-widget_type=\"ld_fancy_image.default\">\n\t\t\t\t<div class=\"elementor-widget-container\">\n\t\t\t\t\t\n\t\t<div class=\"lqd-imggrp-single d-block pos-rel \">\n\t\t\t<div class=\"lqd-imggrp-img-container d-inline-flex pos-rel align-items-center justify-content-center \">\n\t\t\t\t\t\t\t\t<figure class=\"w-100 pos-rel\">\n\t\t\t\t\t<img loading=\"lazy\" decoding=\"async\" width=\"188\" height=\"188\" src=\"https:\/\/audiocare.pt\/wp-content\/uploads\/2024\/09\/audiocare_logo_perfis.svg\" class=\"attachment-full size-full wp-image-6620\" alt=\"\" itemprop=\"image\">\t\t\t\t\t\t\t\t\t\t\t\t\t\t\t\t\t\t\t\t\t\t\t\t\t\t\t\t\t<\/figure>\n\t\t\t<\/div>\n\t\t<\/div>\n\n\t\t\t\t\t<\/div>\n\t\t\t\t<\/div>\n\t\t\t\t<div class=\"elementor-element elementor-element-69a4ac82 elementor-widget elementor-widget-hub_fancy_heading\" data-id=\"69a4ac82\" data-element_type=\"widget\" data-widget_type=\"hub_fancy_heading.default\">\n\t\t\t\t<div class=\"elementor-widget-container\">\n\t\t\t\t\t\n\t\t<div id=\"ld-fancy-heading-69f2fc6a06198\" class=\"ld-fancy-heading pos-rel\">\n\t\t\t<h3 class=\"ld-fh-element d-inline-block pos-rel  elementor-heading-title lqd-highlight-classic lqd-highlight-grow-left h3\"> Ouvir convosco<\/h3>\t\t<\/div>\n\n\t\t\t\t\t\t<\/div>\n\t\t\t\t<\/div>\n\t\t\t\t<div class=\"elementor-element elementor-element-2c319c20 elementor-widget elementor-widget-hub_fancy_heading\" data-id=\"2c319c20\" data-element_type=\"widget\" data-widget_type=\"hub_fancy_heading.default\">\n\t\t\t\t<div class=\"elementor-widget-container\">\n\t\t\t\t\t\n\t\t<div id=\"ld-fancy-heading-69f2fc6a06a3b\" class=\"ld-fancy-heading pos-rel\">\n\t\t\t<p class=\"ld-fh-element d-inline-block pos-rel  lqd-highlight-classic lqd-highlight-grow-left p\"> A alta experi&ecirc;ncia combinada com aparelhos auditivos de alta tecnologia e um servi&ccedil;o profissional premium personalizado tornou-nos o principal centro de audiologia do Algarve<\/p>\t\t<\/div>\n\n\t\t\t\t\t\t<\/div>\n\t\t\t\t<\/div>\n\t\t\t\t<div class=\"elementor-element elementor-element-688fb7a elementor-widget elementor-widget-spacer\" data-id=\"688fb7a\" data-element_type=\"widget\" data-widget_type=\"spacer.default\">\n\t\t\t\t<div class=\"elementor-widget-container\">\n\t\t\t\t\t\t\t<div class=\"elementor-spacer\">\n\t\t\t<div class=\"elementor-spacer-inner\"><\/div>\n\t\t<\/div>\n\t\t\t\t\t\t<\/div>\n\t\t\t\t<\/div>\n\t\t\t\t\t<\/div>\n\t\t<\/div>\n\t\t\t\t\t<\/div>\n\t\t<\/section>\n\t\t\t\t\t<\/div>\n\t\t<\/div>\n\t\t\t\t\t<\/div>\n\t\t<\/section>\n\t\t\t\t<\/div>\n\t\t<\/body><\/html>\n","protected":false},"excerpt":{"rendered":"","protected":false},"author":1,"featured_media":0,"parent":0,"menu_order":0,"comment_status":"closed","ping_status":"closed","template":"","meta":{"_seopress_robots_primary_cat":"","_seopress_titles_title":"\u00daltimas not\u00edcias sobre o mundo da audi\u00e7\u00e3o","_seopress_titles_desc":"As \u00faltimas not\u00edcias sobre o mundo da audi\u00e7\u00e3o","_seopress_robots_index":"","footnotes":""},"class_list":["post-8790","page","type-page","status-publish","hentry"],"_links":{"self":[{"href":"https:\/\/audiocare.pt\/pt-pt\/wp-json\/wp\/v2\/pages\/8790","targetHints":{"allow":["GET"]}}],"collection":[{"href":"https:\/\/audiocare.pt\/pt-pt\/wp-json\/wp\/v2\/pages"}],"about":[{"href":"https:\/\/audiocare.pt\/pt-pt\/wp-json\/wp\/v2\/types\/page"}],"author":[{"embeddable":true,"href":"https:\/\/audiocare.pt\/pt-pt\/wp-json\/wp\/v2\/users\/1"}],"replies":[{"embeddable":true,"href":"https:\/\/audiocare.pt\/pt-pt\/wp-json\/wp\/v2\/comments?post=8790"}],"version-history":[{"count":3,"href":"https:\/\/audiocare.pt\/pt-pt\/wp-json\/wp\/v2\/pages\/8790\/revisions"}],"predecessor-version":[{"id":8793,"href":"https:\/\/audiocare.pt\/pt-pt\/wp-json\/wp\/v2\/pages\/8790\/revisions\/8793"}],"wp:attachment":[{"href":"https:\/\/audiocare.pt\/pt-pt\/wp-json\/wp\/v2\/media?parent=8790"}],"curies":[{"name":"wp","href":"https:\/\/api.w.org\/{rel}","templated":true}]}}